{"id":13212,"date":"2022-03-17T10:09:24","date_gmt":"2022-03-17T10:09:24","guid":{"rendered":"https:\/\/fspac.ubbcluj.ro\/core\/?page_id=13212"},"modified":"2022-03-17T10:14:01","modified_gmt":"2022-03-17T10:14:01","slug":"conferinte","status":"publish","type":"page","link":"https:\/\/fspac.ubbcluj.ro\/core\/conferinte\/","title":{"rendered":"Conferin\u021be"},"content":{"rendered":"\t\t<div data-elementor-type=\"wp-page\" data-elementor-id=\"13212\" class=\"elementor elementor-13212\">\n\t\t\t\t\t\t\t\t\t<section class=\"elementor-section elementor-top-section elementor-element elementor-element-9386d74 elementor-section-boxed elementor-section-height-default elementor-section-height-default\" data-id=\"9386d74\" data-element_type=\"section\">\n\t\t\t\t\t\t<div class=\"elementor-container elementor-column-gap-default\">\n\t\t\t\t\t<div class=\"elementor-column elementor-col-100 elementor-top-column elementor-element elementor-element-d41e72a\" data-id=\"d41e72a\" data-element_type=\"column\">\n\t\t\t<div class=\"elementor-widget-wrap elementor-element-populated\">\n\t\t\t\t\t\t\t\t<div class=\"elementor-element elementor-element-78b2309 elementor-widget elementor-widget-heading\" data-id=\"78b2309\" data-element_type=\"widget\" data-widget_type=\"heading.default\">\n\t\t\t\t<div class=\"elementor-widget-container\">\n\t\t\t<style>\/*! elementor - v3.6.1 - 23-03-2022 *\/\n.elementor-heading-title{padding:0;margin:0;line-height:1}.elementor-widget-heading .elementor-heading-title[class*=elementor-size-]>a{color:inherit;font-size:inherit;line-height:inherit}.elementor-widget-heading .elementor-heading-title.elementor-size-small{font-size:15px}.elementor-widget-heading .elementor-heading-title.elementor-size-medium{font-size:19px}.elementor-widget-heading .elementor-heading-title.elementor-size-large{font-size:29px}.elementor-widget-heading .elementor-heading-title.elementor-size-xl{font-size:39px}.elementor-widget-heading .elementor-heading-title.elementor-size-xxl{font-size:59px}<\/style><h2 class=\"elementor-heading-title elementor-size-default\">Conferin\u021be CoRe<\/h2>\t\t<\/div>\n\t\t\t\t<\/div>\n\t\t\t\t<div class=\"elementor-element elementor-element-bb36430 elementor-widget elementor-widget-spacer\" data-id=\"bb36430\" data-element_type=\"widget\" data-widget_type=\"spacer.default\">\n\t\t\t\t<div class=\"elementor-widget-container\">\n\t\t\t<style>\/*! elementor - v3.6.1 - 23-03-2022 *\/\n.e-container.e-container--row .elementor-spacer-inner{width:var(--spacer-size)}.e-container.e-container--column .elementor-spacer-inner,.elementor-column .elementor-spacer-inner{height:var(--spacer-size)}<\/style>\t\t<div class=\"elementor-spacer\">\n\t\t\t<div class=\"elementor-spacer-inner\"><\/div>\n\t\t<\/div>\n\t\t\t\t<\/div>\n\t\t\t\t<\/div>\n\t\t\t\t\t<\/div>\n\t\t<\/div>\n\t\t\t\t\t\t\t<\/div>\n\t\t<\/section>\n\t\t\t\t<section class=\"elementor-section elementor-top-section elementor-element elementor-element-1d2058c elementor-section-boxed elementor-section-height-default elementor-section-height-default\" data-id=\"1d2058c\" data-element_type=\"section\">\n\t\t\t\t\t\t<div class=\"elementor-container elementor-column-gap-default\">\n\t\t\t\t\t<div class=\"elementor-column elementor-col-100 elementor-top-column elementor-element elementor-element-09b458b\" data-id=\"09b458b\" data-element_type=\"column\">\n\t\t\t<div class=\"elementor-widget-wrap elementor-element-populated\">\n\t\t\t\t\t\t\t\t<div class=\"elementor-element elementor-element-a044c40 elementor-widget-divider--view-line_icon elementor-view-default elementor-widget-divider--element-align-center elementor-widget elementor-widget-divider\" data-id=\"a044c40\" data-element_type=\"widget\" data-widget_type=\"divider.default\">\n\t\t\t\t<div class=\"elementor-widget-container\">\n\t\t\t<style>\/*! elementor - v3.6.1 - 23-03-2022 *\/\n.elementor-widget-divider{--divider-border-style:none;--divider-border-width:1px;--divider-color:#2c2c2c;--divider-icon-size:20px;--divider-element-spacing:10px;--divider-pattern-height:24px;--divider-pattern-size:20px;--divider-pattern-url:none;--divider-pattern-repeat:repeat-x}.elementor-widget-divider .elementor-divider{display:-webkit-box;display:-ms-flexbox;display:flex}.elementor-widget-divider .elementor-divider__text{font-size:15px;line-height:1;max-width:95%}.elementor-widget-divider .elementor-divider__element{margin:0 var(--divider-element-spacing);-ms-flex-negative:0;flex-shrink:0}.elementor-widget-divider .elementor-icon{font-size:var(--divider-icon-size)}.elementor-widget-divider .elementor-divider-separator{display:-webkit-box;display:-ms-flexbox;display:flex;margin:0;direction:ltr}.elementor-widget-divider--view-line_icon .elementor-divider-separator,.elementor-widget-divider--view-line_text .elementor-divider-separator{-webkit-box-align:center;-ms-flex-align:center;align-items:center}.elementor-widget-divider--view-line_icon .elementor-divider-separator:after,.elementor-widget-divider--view-line_icon .elementor-divider-separator:before,.elementor-widget-divider--view-line_text .elementor-divider-separator:after,.elementor-widget-divider--view-line_text .elementor-divider-separator:before{display:block;content:\"\";border-bottom:0;-webkit-box-flex:1;-ms-flex-positive:1;flex-grow:1;border-top:var(--divider-border-width) var(--divider-border-style) var(--divider-color)}.elementor-widget-divider--element-align-left .elementor-divider .elementor-divider-separator>.elementor-divider__svg:first-of-type{-webkit-box-flex:0;-ms-flex-positive:0;flex-grow:0;-ms-flex-negative:100;flex-shrink:100}.elementor-widget-divider--element-align-left .elementor-divider-separator:before{content:none}.elementor-widget-divider--element-align-left .elementor-divider__element{margin-left:0}.elementor-widget-divider--element-align-right .elementor-divider .elementor-divider-separator>.elementor-divider__svg:last-of-type{-webkit-box-flex:0;-ms-flex-positive:0;flex-grow:0;-ms-flex-negative:100;flex-shrink:100}.elementor-widget-divider--element-align-right .elementor-divider-separator:after{content:none}.elementor-widget-divider--element-align-right .elementor-divider__element{margin-right:0}.elementor-widget-divider:not(.elementor-widget-divider--view-line_text):not(.elementor-widget-divider--view-line_icon) .elementor-divider-separator{border-top:var(--divider-border-width) var(--divider-border-style) var(--divider-color)}.elementor-widget-divider--separator-type-pattern{--divider-border-style:none}.elementor-widget-divider--separator-type-pattern.elementor-widget-divider--view-line .elementor-divider-separator,.elementor-widget-divider--separator-type-pattern:not(.elementor-widget-divider--view-line) .elementor-divider-separator:after,.elementor-widget-divider--separator-type-pattern:not(.elementor-widget-divider--view-line) .elementor-divider-separator:before,.elementor-widget-divider--separator-type-pattern:not([class*=elementor-widget-divider--view]) .elementor-divider-separator{width:100%;min-height:var(--divider-pattern-height);-webkit-mask-size:var(--divider-pattern-size) 100%;mask-size:var(--divider-pattern-size) 100%;-webkit-mask-repeat:var(--divider-pattern-repeat);mask-repeat:var(--divider-pattern-repeat);background-color:var(--divider-color);-webkit-mask-image:var(--divider-pattern-url);mask-image:var(--divider-pattern-url)}.elementor-widget-divider--no-spacing{--divider-pattern-size:auto}.elementor-widget-divider--bg-round{--divider-pattern-repeat:round}.rtl .elementor-widget-divider .elementor-divider__text{direction:rtl}<\/style>\t\t<div class=\"elementor-divider\">\n\t\t\t<span class=\"elementor-divider-separator\">\n\t\t\t\t\t\t\t<div class=\"elementor-icon elementor-divider__element\">\n\t\t\t\t\t<i aria-hidden=\"true\" class=\"fas fa-university\"><\/i><\/div>\n\t\t\t\t\t\t<\/span>\n\t\t<\/div>\n\t\t\t\t<\/div>\n\t\t\t\t<\/div>\n\t\t\t\t<div class=\"elementor-element elementor-element-ab22162 elementor-widget elementor-widget-heading\" data-id=\"ab22162\" data-element_type=\"widget\" data-widget_type=\"heading.default\">\n\t\t\t\t<div class=\"elementor-widget-container\">\n\t\t\t<h2 class=\"elementor-heading-title elementor-size-default\">PR Trend\n<\/h2>\t\t<\/div>\n\t\t\t\t<\/div>\n\t\t\t\t<div class=\"elementor-element elementor-element-162b91d elementor-widget elementor-widget-text-editor\" data-id=\"162b91d\" data-element_type=\"widget\" data-widget_type=\"text-editor.default\">\n\t\t\t\t<div class=\"elementor-widget-container\">\n\t\t\t<style>\/*! elementor - v3.6.1 - 23-03-2022 *\/\n.elementor-widget-text-editor.elementor-drop-cap-view-stacked .elementor-drop-cap{background-color:#818a91;color:#fff}.elementor-widget-text-editor.elementor-drop-cap-view-framed .elementor-drop-cap{color:#818a91;border:3px solid;background-color:transparent}.elementor-widget-text-editor:not(.elementor-drop-cap-view-default) .elementor-drop-cap{margin-top:8px}.elementor-widget-text-editor:not(.elementor-drop-cap-view-default) .elementor-drop-cap-letter{width:1em;height:1em}.elementor-widget-text-editor .elementor-drop-cap{float:left;text-align:center;line-height:1;font-size:50px}.elementor-widget-text-editor .elementor-drop-cap-letter{display:inline-block}<\/style>\t\t\t\t<p><span style=\"font-weight: 400;\">Conferin\u021ba PR Trend a fost organizat\u0103 \u00een 2004 pentru prima dat\u0103 la Facultatea de \u0218tiin\u021be Politice Administrative \u0219i ale Comunic\u0103rii, din cadrul Universit\u0103\u021bii Babe\u0219-Bolyai . De atunci, fiecare edi\u021bie se concentreaz\u0103 pe noile evolu\u021bii la nivel mondial \u00een comunicare, rela\u021bii publice \u0219i publicitate, precum \u0219i pe implica\u021biile la nivel regional \u0219i local.<\/span><\/p>\t\t\t\t\t\t<\/div>\n\t\t\t\t<\/div>\n\t\t\t\t<div class=\"elementor-element elementor-element-4484783 elementor-widget elementor-widget-spacer\" data-id=\"4484783\" data-element_type=\"widget\" data-widget_type=\"spacer.default\">\n\t\t\t\t<div class=\"elementor-widget-container\">\n\t\t\t\t\t<div class=\"elementor-spacer\">\n\t\t\t<div class=\"elementor-spacer-inner\"><\/div>\n\t\t<\/div>\n\t\t\t\t<\/div>\n\t\t\t\t<\/div>\n\t\t\t\t<div class=\"elementor-element elementor-element-4edc10e elementor-widget elementor-widget-heading\" data-id=\"4edc10e\" data-element_type=\"widget\" data-widget_type=\"heading.default\">\n\t\t\t\t<div class=\"elementor-widget-container\">\n\t\t\t<h2 class=\"elementor-heading-title elementor-size-default\">Information, communication, and digital humanities. \n\nThe 23rd French-Romanian \tconference on information and communication sciences (HumaNum)<\/h2>\t\t<\/div>\n\t\t\t\t<\/div>\n\t\t\t\t<div class=\"elementor-element elementor-element-20c7dae elementor-widget elementor-widget-text-editor\" data-id=\"20c7dae\" data-element_type=\"widget\" data-widget_type=\"text-editor.default\">\n\t\t\t\t<div class=\"elementor-widget-container\">\n\t\t\t\t\t\t\t<p><span style=\"font-weight: 400;\">Conferin\u021ba propune o serie de teme care s\u0103 fie dezb\u0103tute de participan\u021bi: culturi media \u0219i culturi digitale, formarea competen\u021belor profesionale concepute pentru a instrui viitori profesioni\u0219ti \u0219i cercet\u0103tori \u00een domeniul inform\u0103rii \u0219i comunic\u0103rii, constituirea \u0219i difuzarea de arhive digitale, epistemologia datelor \u0219i efectele instrumentelor digitale.<\/span><\/p>\t\t\t\t\t\t<\/div>\n\t\t\t\t<\/div>\n\t\t\t\t<div class=\"elementor-element elementor-element-6732420 elementor-widget elementor-widget-spacer\" data-id=\"6732420\" data-element_type=\"widget\" data-widget_type=\"spacer.default\">\n\t\t\t\t<div class=\"elementor-widget-container\">\n\t\t\t\t\t<div class=\"elementor-spacer\">\n\t\t\t<div class=\"elementor-spacer-inner\"><\/div>\n\t\t<\/div>\n\t\t\t\t<\/div>\n\t\t\t\t<\/div>\n\t\t\t\t<div class=\"elementor-element elementor-element-d02ad04 elementor-widget elementor-widget-heading\" data-id=\"d02ad04\" data-element_type=\"widget\" data-widget_type=\"heading.default\">\n\t\t\t\t<div class=\"elementor-widget-container\">\n\t\t\t<h2 class=\"elementor-heading-title elementor-size-default\">Seria \u201dCommunicating\u201d\/ \u201dCommunicating\u201d series<\/h2>\t\t<\/div>\n\t\t\t\t<\/div>\n\t\t\t\t<div class=\"elementor-element elementor-element-243120d elementor-widget elementor-widget-text-editor\" data-id=\"243120d\" data-element_type=\"widget\" data-widget_type=\"text-editor.default\">\n\t\t\t\t<div class=\"elementor-widget-container\">\n\t\t\t\t\t\t\t<ul><li><span style=\"font-weight: 400;\">Communicating EU (2018)<\/span><\/li><li><span style=\"font-weight: 400;\">Communicating Gender (2020)<\/span><\/li><\/ul>\t\t\t\t\t\t<\/div>\n\t\t\t\t<\/div>\n\t\t\t\t<div class=\"elementor-element elementor-element-6eb0379 elementor-widget elementor-widget-spacer\" data-id=\"6eb0379\" data-element_type=\"widget\" data-widget_type=\"spacer.default\">\n\t\t\t\t<div class=\"elementor-widget-container\">\n\t\t\t\t\t<div class=\"elementor-spacer\">\n\t\t\t<div class=\"elementor-spacer-inner\"><\/div>\n\t\t<\/div>\n\t\t\t\t<\/div>\n\t\t\t\t<\/div>\n\t\t\t\t<div class=\"elementor-element elementor-element-f23673f elementor-widget elementor-widget-heading\" data-id=\"f23673f\" data-element_type=\"widget\" data-widget_type=\"heading.default\">\n\t\t\t\t<div class=\"elementor-widget-container\">\n\t\t\t<h2 class=\"elementor-heading-title elementor-size-default\">International Students\u2019 Conference on Communication (ISCC)<\/h2>\t\t<\/div>\n\t\t\t\t<\/div>\n\t\t\t\t<div class=\"elementor-element elementor-element-d1501b5 elementor-widget elementor-widget-text-editor\" data-id=\"d1501b5\" data-element_type=\"widget\" data-widget_type=\"text-editor.default\">\n\t\t\t\t<div class=\"elementor-widget-container\">\n\t\t\t\t\t\t\t<p><span style=\"font-weight: 400;\">Conferin\u021ba Interna\u021bional\u0103 Studen\u021beasc\u0103 de Comunicare este un eveniment anual care \u00ee\u0219i propune s\u0103 sprijine studen\u021bii \u00een efortul lor de a dezvolta cercet\u0103ri teoretice \u0219i empirice valoroase. Scopul conferin\u021bei este acela de a crea un cadru de cuno\u0219tin\u021be specializat \u00een care schimbul de informa\u021bii actualizate \u00een domeniul comunic\u0103rii s\u0103 fie valorificat corespunz\u0103tor. Conferin\u021ba este un eveniment organizat pentru studen\u021bii de licen\u021b\u0103, master \u0219i doctorat.<\/span><\/p>\t\t\t\t\t\t<\/div>\n\t\t\t\t<\/div>\n\t\t\t\t<div class=\"elementor-element elementor-element-991fb30 elementor-widget elementor-widget-spacer\" data-id=\"991fb30\" data-element_type=\"widget\" data-widget_type=\"spacer.default\">\n\t\t\t\t<div class=\"elementor-widget-container\">\n\t\t\t\t\t<div class=\"elementor-spacer\">\n\t\t\t<div class=\"elementor-spacer-inner\"><\/div>\n\t\t<\/div>\n\t\t\t\t<\/div>\n\t\t\t\t<\/div>\n\t\t\t\t<div class=\"elementor-element elementor-element-561fb96 elementor-widget elementor-widget-heading\" data-id=\"561fb96\" data-element_type=\"widget\" data-widget_type=\"heading.default\">\n\t\t\t\t<div class=\"elementor-widget-container\">\n\t\t\t<h2 class=\"elementor-heading-title elementor-size-default\">Innovation, Entrepreneurship and Society Conference<\/h2>\t\t<\/div>\n\t\t\t\t<\/div>\n\t\t\t\t<div class=\"elementor-element elementor-element-e233b79 elementor-widget elementor-widget-text-editor\" data-id=\"e233b79\" data-element_type=\"widget\" data-widget_type=\"text-editor.default\">\n\t\t\t\t<div class=\"elementor-widget-container\">\n\t\t\t\t\t\t\t<p><span style=\"font-weight: 400;\">Innovation, Entrepreneurship and Society Conference este o conferin\u021b\u0103 organizat\u0103 de Centrul de Cercetare \u00een Comunicare \u0219i Inovare Social\u0103 (CoRe ), \u00een parteneriat cu Centrul de Cercet\u0103ri \u00een Informatic\u0103 economic\u0103 a Facult\u0103\u021bii de \u0218tiin\u021be Economice \u0219i Gestiunea Afacerilor.<\/span><\/p><p><span style=\"font-weight: 400;\">Conferin\u021ba este sus\u021binut\u0103 de participarea \u0219colilor doctorale de Psihologie cognitiv\u0103 aplicat\u0103, Educa\u021bie, Reflec\u021bie, Dezvoltare, Comunicare, rela\u021bii publice \u0219i Publicitate, \u0218tiin\u021be politice \u0219i ale Comunic\u0103rii, Administra\u021bie \u0219i Politici publice, Istorie, Civiliza\u021bie, Cultur\u0103, Sociologie \u0219i Educa\u021bie Fizic\u0103 \u0219i Sport.<\/span><\/p>\t\t\t\t\t\t<\/div>\n\t\t\t\t<\/div>\n\t\t\t\t\t<\/div>\n\t\t<\/div>\n\t\t\t\t\t\t\t<\/div>\n\t\t<\/section>\n\t\t\t\t\t\t\t<\/div>\n\t\t","protected":false},"excerpt":{"rendered":"<p>Conferin\u021be CoRe PR Trend Conferin\u021ba PR Trend a fost organizat\u0103 \u00een 2004 pentru prima dat\u0103 la Facultatea de \u0218tiin\u021be Politice Administrative \u0219i ale Comunic\u0103rii, din cadrul Universit\u0103\u021bii Babe\u0219-Bolyai . De atunci, fiecare edi\u021bie se concentreaz\u0103 pe noile evolu\u021bii la nivel mondial \u00een comunicare, rela\u021bii publice \u0219i publicitate, precum \u0219i pe implica\u021biile la nivel regional \u0219i&hellip;<\/p>\n","protected":false},"author":1,"featured_media":0,"parent":0,"menu_order":0,"comment_status":"closed","ping_status":"closed","template":"fullwidth.php","meta":{"footnotes":""},"class_list":["post-13212","page","type-page","status-publish","hentry"],"_links":{"self":[{"href":"https:\/\/fspac.ubbcluj.ro\/core\/wp-json\/wp\/v2\/pages\/13212","targetHints":{"allow":["GET"]}}],"collection":[{"href":"https:\/\/fspac.ubbcluj.ro\/core\/wp-json\/wp\/v2\/pages"}],"about":[{"href":"https:\/\/fspac.ubbcluj.ro\/core\/wp-json\/wp\/v2\/types\/page"}],"author":[{"embeddable":true,"href":"https:\/\/fspac.ubbcluj.ro\/core\/wp-json\/wp\/v2\/users\/1"}],"replies":[{"embeddable":true,"href":"https:\/\/fspac.ubbcluj.ro\/core\/wp-json\/wp\/v2\/comments?post=13212"}],"version-history":[{"count":4,"href":"https:\/\/fspac.ubbcluj.ro\/core\/wp-json\/wp\/v2\/pages\/13212\/revisions"}],"predecessor-version":[{"id":13216,"href":"https:\/\/fspac.ubbcluj.ro\/core\/wp-json\/wp\/v2\/pages\/13212\/revisions\/13216"}],"wp:attachment":[{"href":"https:\/\/fspac.ubbcluj.ro\/core\/wp-json\/wp\/v2\/media?parent=13212"}],"curies":[{"name":"wp","href":"https:\/\/api.w.org\/{rel}","templated":true}]}}